{"id":4518,"date":"2023-06-05T13:35:57","date_gmt":"2023-06-05T11:35:57","guid":{"rendered":"https:\/\/www.precura.be\/contact-merci\/"},"modified":"2023-06-05T13:36:02","modified_gmt":"2023-06-05T11:36:02","slug":"contact-merci","status":"publish","type":"page","link":"https:\/\/www.precura.be\/fr\/contact-merci\/","title":{"rendered":"Contact Merci"},"content":{"rendered":"<p>[et_pb_section fb_built=\u00a0\u00bb1&Prime; admin_label=\u00a0\u00bbtext-block\u00a0\u00bb _builder_version=\u00a0\u00bb4.16&Prime; da_disable_devices=\u00a0\u00bboff|off|off\u00a0\u00bb global_colors_info=\u00a0\u00bb{}\u00a0\u00bb da_is_popup=\u00a0\u00bboff\u00a0\u00bb da_exit_intent=\u00a0\u00bboff\u00a0\u00bb da_has_close=\u00a0\u00bbon\u00a0\u00bb da_alt_close=\u00a0\u00bboff\u00a0\u00bb da_dark_close=\u00a0\u00bboff\u00a0\u00bb da_not_modal=\u00a0\u00bbon\u00a0\u00bb da_is_singular=\u00a0\u00bboff\u00a0\u00bb da_with_loader=\u00a0\u00bboff\u00a0\u00bb da_has_shadow=\u00a0\u00bbon\u00a0\u00bb][et_pb_row column_structure=\u00a0\u00bb1_2,1_2&Prime; _builder_version=\u00a0\u00bb4.20.2&Prime; width=\u00a0\u00bb70%\u00a0\u00bb module_alignment=\u00a0\u00bbcenter\u00a0\u00bb global_colors_info=\u00a0\u00bb{}\u00a0\u00bb][et_pb_column type=\u00a0\u00bb1_2&Prime; _builder_version=\u00a0\u00bb4.16&Prime; global_colors_info=\u00a0\u00bb{}\u00a0\u00bb][et_pb_image src=\u00a0\u00bbhttps:\/\/www.precura.be\/wp-content\/uploads\/2020\/10\/Precura-Voorgevel-Heizel-Business-Park3.jpg\u00a0\u00bb title_text=\u00a0\u00bbPrecura-Voorgevel-Heizel-Business-Park3&Prime; _builder_version=\u00a0\u00bb4.20.2&Prime; _module_preset=\u00a0\u00bbdefault\u00a0\u00bb global_colors_info=\u00a0\u00bb{}\u00a0\u00bb][\/et_pb_image][\/et_pb_column][et_pb_column type=\u00a0\u00bb1_2&Prime; _builder_version=\u00a0\u00bb4.16&Prime; global_colors_info=\u00a0\u00bb{}\u00a0\u00bb][et_pb_text _builder_version=\u00a0\u00bb4.20.2&Prime; header_2_font=\u00a0\u00bb|700|||||||\u00a0\u00bb header_2_font_size=\u00a0\u00bb20px\u00a0\u00bb width=\u00a0\u00bb100%\u00a0\u00bb width_tablet=\u00a0\u00bb100%\u00a0\u00bb width_phone=\u00a0\u00bb\u00a0\u00bb width_last_edited=\u00a0\u00bbon|tablet\u00a0\u00bb custom_padding=\u00a0\u00bb|10%|||false|false\u00a0\u00bb custom_padding_tablet=\u00a0\u00bb|||0px|false|false\u00a0\u00bb custom_padding_phone=\u00a0\u00bb\u00a0\u00bb custom_padding_last_edited=\u00a0\u00bbon|desktop\u00a0\u00bb global_colors_info=\u00a0\u00bb{}\u00a0\u00bb]<\/p>\n<h1>Merci de nous contacter<\/h1>\n<p>&nbsp;<\/p>\n<p>[\/et_pb_text][et_pb_text _builder_version=\u00a0\u00bb4.20.2&Prime; header_2_font=\u00a0\u00bb|700|||||||\u00a0\u00bb header_2_font_size=\u00a0\u00bb20px\u00a0\u00bb width=\u00a0\u00bb100%\u00a0\u00bb width_tablet=\u00a0\u00bb100%\u00a0\u00bb width_phone=\u00a0\u00bb\u00a0\u00bb width_last_edited=\u00a0\u00bbon|tablet\u00a0\u00bb custom_padding=\u00a0\u00bb||||false|false\u00a0\u00bb custom_padding_tablet=\u00a0\u00bb|||0px|false|false\u00a0\u00bb custom_padding_phone=\u00a0\u00bb\u00a0\u00bb custom_padding_last_edited=\u00a0\u00bbon|desktop\u00a0\u00bb global_colors_info=\u00a0\u00bb{}\u00a0\u00bb]<\/p>\n<p>Nous traiterons votre demande dans les meilleurs d\u00e9lais.<\/p>\n<p>[\/et_pb_text][\/et_pb_column][\/et_pb_row][et_pb_row _builder_version=\u00a0\u00bb4.20.2&Prime; width=\u00a0\u00bb70%\u00a0\u00bb module_alignment=\u00a0\u00bbcenter\u00a0\u00bb global_colors_info=\u00a0\u00bb{}\u00a0\u00bb][et_pb_column type=\u00a0\u00bb4_4&Prime; _builder_version=\u00a0\u00bb4.16&Prime; global_colors_info=\u00a0\u00bb{}\u00a0\u00bb][et_pb_text _builder_version=\u00a0\u00bb4.20.2&Prime; header_2_font=\u00a0\u00bb|700|||||||\u00a0\u00bb header_2_font_size=\u00a0\u00bb20px\u00a0\u00bb width=\u00a0\u00bb100%\u00a0\u00bb width_tablet=\u00a0\u00bb100%\u00a0\u00bb width_phone=\u00a0\u00bb\u00a0\u00bb width_last_edited=\u00a0\u00bbon|tablet\u00a0\u00bb custom_padding=\u00a0\u00bb|10%|||false|false\u00a0\u00bb custom_padding_tablet=\u00a0\u00bb|||0px|false|false\u00a0\u00bb custom_padding_phone=\u00a0\u00bb\u00a0\u00bb custom_padding_last_edited=\u00a0\u00bbon|desktop\u00a0\u00bb global_colors_info=\u00a0\u00bb{}\u00a0\u00bb]<\/p>\n<h1>Donn\u00e9es de l&rsquo;entreprise<\/h1>\n<p>[\/et_pb_text][et_pb_text _builder_version=\u00a0\u00bb4.20.2&Prime; header_2_font=\u00a0\u00bb|700|||||||\u00a0\u00bb header_2_font_size=\u00a0\u00bb20px\u00a0\u00bb width=\u00a0\u00bb100%\u00a0\u00bb width_tablet=\u00a0\u00bb100%\u00a0\u00bb width_phone=\u00a0\u00bb\u00a0\u00bb width_last_edited=\u00a0\u00bbon|tablet\u00a0\u00bb custom_padding=\u00a0\u00bb||||false|false\u00a0\u00bb custom_padding_tablet=\u00a0\u00bb|||0px|false|false\u00a0\u00bb custom_padding_phone=\u00a0\u00bb\u00a0\u00bb custom_padding_last_edited=\u00a0\u00bbon|desktop\u00a0\u00bb global_colors_info=\u00a0\u00bb{}\u00a0\u00bb]<\/p>\n<p><strong>Adresse:<\/strong> Romeinsesteenweg 564 A, 1853 Grimbergen (Strombeek-Bever)<br \/><strong>T\u00e9l\u00e9phone:<\/strong> <a href=\"tel:023041111\">02 304 11 11<\/a><br \/><strong>E-mail:<\/strong> <a href=\"mailto:info@precura.be\">info@precura.be<\/a><\/p>\n<p><strong>Heures d\u2019ouverture:<\/strong> du lundi au jeudi : 8h30-16h30 et vendredi : 8h30- 12h00<\/p>\n<p>Vous souhaitez prendre rendez-vous ou vous avez une question sp\u00e9cifique \u00e0 nous poser, n\u2019h\u00e9sitez pas \u00e0 utiliser le formulaire de contact ci-dessous. Nous vous contacterons d\u00e8s que possible.<\/p>\n<p>[\/et_pb_text][\/et_pb_column][\/et_pb_row][\/et_pb_section][et_pb_section fb_built=\u00a0\u00bb1&Prime; admin_label=\u00a0\u00bbaccountmanagers\u00a0\u00bb _builder_version=\u00a0\u00bb4.20.2&Prime; background_color=\u00a0\u00bb#fafafa\u00a0\u00bb da_disable_devices=\u00a0\u00bboff|off|off\u00a0\u00bb global_colors_info=\u00a0\u00bb{}\u00a0\u00bb da_is_popup=\u00a0\u00bboff\u00a0\u00bb da_exit_intent=\u00a0\u00bboff\u00a0\u00bb da_has_close=\u00a0\u00bbon\u00a0\u00bb da_alt_close=\u00a0\u00bboff\u00a0\u00bb da_dark_close=\u00a0\u00bboff\u00a0\u00bb da_not_modal=\u00a0\u00bbon\u00a0\u00bb da_is_singular=\u00a0\u00bboff\u00a0\u00bb da_with_loader=\u00a0\u00bboff\u00a0\u00bb da_has_shadow=\u00a0\u00bbon\u00a0\u00bb][et_pb_row _builder_version=\u00a0\u00bb4.16&Prime; width=\u00a0\u00bb70%\u00a0\u00bb module_alignment=\u00a0\u00bbcenter\u00a0\u00bb global_colors_info=\u00a0\u00bb{}\u00a0\u00bb][et_pb_column type=\u00a0\u00bb4_4&Prime; _builder_version=\u00a0\u00bb4.16&Prime; global_colors_info=\u00a0\u00bb{}\u00a0\u00bb][et_pb_text _builder_version=\u00a0\u00bb4.16&Prime; global_colors_info=\u00a0\u00bb{}\u00a0\u00bb]<\/p>\n<h2>Nous sommes l\u00e0 pour vous<\/h2>\n<\/p>\n<p>Vous avez des questions concernant votre police d\u2019assurance? Nous serons heureux de vous r\u00e9pondre et de vous guider. <\/p>\n<p>[\/et_pb_text][\/et_pb_column][\/et_pb_row][et_pb_row column_structure=\u00a0\u00bb1_3,1_3,1_3&Prime; _builder_version=\u00a0\u00bb4.16&Prime; width=\u00a0\u00bb70%\u00a0\u00bb module_alignment=\u00a0\u00bbcenter\u00a0\u00bb global_colors_info=\u00a0\u00bb{}\u00a0\u00bb][et_pb_column type=\u00a0\u00bb1_3&Prime; _builder_version=\u00a0\u00bb4.16&Prime; global_colors_info=\u00a0\u00bb{}\u00a0\u00bb][et_pb_text _builder_version=\u00a0\u00bb4.16&Prime; text_orientation=\u00a0\u00bbcenter\u00a0\u00bb global_colors_info=\u00a0\u00bb{}\u00a0\u00bb]Peter Van der Speeten (NL)<br \/>\n<a href=\"tel:023041101\">02 304 11 01<\/a>[\/et_pb_text][\/et_pb_column][et_pb_column type=\u00a0\u00bb1_3&Prime; _builder_version=\u00a0\u00bb4.16&Prime; global_colors_info=\u00a0\u00bb{}\u00a0\u00bb][et_pb_text _builder_version=\u00a0\u00bb4.16&Prime; text_orientation=\u00a0\u00bbcenter\u00a0\u00bb global_colors_info=\u00a0\u00bb{}\u00a0\u00bb]G\u00e9raldine Jacobs (FR)<br \/>\n<a href=\"tel:023041102\">02 304 11 02<\/a>[\/et_pb_text][\/et_pb_column][et_pb_column type=\u00a0\u00bb1_3&Prime; _builder_version=\u00a0\u00bb4.16&Prime; global_colors_info=\u00a0\u00bb{}\u00a0\u00bb][\/et_pb_column][\/et_pb_row][\/et_pb_section][et_pb_section fb_built=\u00a0\u00bb1&Prime; disabled_on=\u00a0\u00bboff|off|off\u00a0\u00bb admin_label=\u00a0\u00bbaccountmanagers\u00a0\u00bb _builder_version=\u00a0\u00bb4.16&Prime; da_disable_devices=\u00a0\u00bboff|off|off\u00a0\u00bb global_colors_info=\u00a0\u00bb{}\u00a0\u00bb da_is_popup=\u00a0\u00bboff\u00a0\u00bb da_exit_intent=\u00a0\u00bboff\u00a0\u00bb da_has_close=\u00a0\u00bbon\u00a0\u00bb da_alt_close=\u00a0\u00bboff\u00a0\u00bb da_dark_close=\u00a0\u00bboff\u00a0\u00bb da_not_modal=\u00a0\u00bbon\u00a0\u00bb da_is_singular=\u00a0\u00bboff\u00a0\u00bb da_with_loader=\u00a0\u00bboff\u00a0\u00bb da_has_shadow=\u00a0\u00bbon\u00a0\u00bb][et_pb_row _builder_version=\u00a0\u00bb4.16&Prime; width=\u00a0\u00bb70%\u00a0\u00bb module_alignment=\u00a0\u00bbcenter\u00a0\u00bb global_colors_info=\u00a0\u00bb{}\u00a0\u00bb][et_pb_column type=\u00a0\u00bb4_4&Prime; _builder_version=\u00a0\u00bb4.16&Prime; global_colors_info=\u00a0\u00bb{}\u00a0\u00bb][et_pb_text _builder_version=\u00a0\u00bb4.19.5&Prime; global_colors_info=\u00a0\u00bb{}\u00a0\u00bb]<\/p>\n<h2>Des questions par rapport \u00e0 notre service?<\/h2>\n<p>La gestion de votre dossier rencontre des difficult\u00e9s et vous ne trouvez pas de solutions ?<\/p>\n<p><a class=\"et_pb_button et_pb_button_0 et_pb_bg_layout_light\" href=\"https:\/\/www.precura.be\/fr\/soumettre-une-plainte\/\">Que faire?<\/a><\/p>\n<p>[\/et_pb_text][\/et_pb_column][\/et_pb_row][\/et_pb_section]<\/p>\n","protected":false},"excerpt":{"rendered":"<p>Merci de nous contacter &nbsp;Nous traiterons votre demande dans les meilleurs d\u00e9lais.Donn\u00e9es de l&rsquo;entrepriseAdresse: Romeinsesteenweg 564 A, 1853 Grimbergen (Strombeek-Bever)T\u00e9l\u00e9phone: 02 304 11 11E-mail: info@precura.be Heures d\u2019ouverture: du lundi au jeudi : 8h30-16h30 et vendredi : 8h30- 12h00 Vous souhaitez prendre rendez-vous ou vous avez une question sp\u00e9cifique \u00e0 nous poser, n\u2019h\u00e9sitez pas \u00e0 utiliser [&hellip;]<\/p>\n","protected":false},"author":9,"featured_media":0,"parent":0,"menu_order":0,"comment_status":"closed","ping_status":"closed","template":"","meta":{"_et_pb_use_builder":"on","_et_pb_old_content":"","_et_gb_content_width":"","inline_featured_image":false,"footnotes":""},"class_list":["post-4518","page","type-page","status-publish","hentry"],"yoast_head":"<!-- This site is optimized with the Yoast SEO plugin v27.5 - https:\/\/yoast.com\/product\/yoast-seo-wordpress\/ -->\n<title>Contact Merci - Precura - Voir nos coordonn\u00e9es ici - Nous sommes l\u00e0 pour vous.<\/title>\n<meta name=\"description\" content=\"Si vous avez d\u00e9j\u00e0 \u00e9t\u00e9 contact\u00e9 et\/ou si vous cherchez les coordonn\u00e9es directes d&#039;un de nos collaborateurs, vous trouverez ici un aper\u00e7u.\" \/>\n<meta name=\"robots\" content=\"index, follow, max-snippet:-1, max-image-preview:large, max-video-preview:-1\" \/>\n<link rel=\"canonical\" href=\"https:\/\/www.precura.be\/fr\/contact-merci\/\" \/>\n<meta property=\"og:locale\" content=\"fr_FR\" \/>\n<meta property=\"og:type\" content=\"article\" \/>\n<meta property=\"og:title\" content=\"Contact Merci - Precura - Voir nos coordonn\u00e9es ici - Nous sommes l\u00e0 pour vous.\" \/>\n<meta property=\"og:description\" content=\"Si vous avez d\u00e9j\u00e0 \u00e9t\u00e9 contact\u00e9 et\/ou si vous cherchez les coordonn\u00e9es directes d&#039;un de nos collaborateurs, vous trouverez ici un aper\u00e7u.\" \/>\n<meta property=\"og:url\" content=\"https:\/\/www.precura.be\/fr\/contact-merci\/\" \/>\n<meta property=\"og:site_name\" content=\"Precura\" \/>\n<meta property=\"article:modified_time\" content=\"2023-06-05T11:36:02+00:00\" \/>\n<meta name=\"twitter:card\" content=\"summary_large_image\" \/>\n<meta name=\"twitter:label1\" content=\"Dur\u00e9e de lecture estim\u00e9e\" \/>\n\t<meta name=\"twitter:data1\" content=\"4 minutes\" \/>\n<script type=\"application\/ld+json\" class=\"yoast-schema-graph\">{\"@context\":\"https:\\\/\\\/schema.org\",\"@graph\":[{\"@type\":\"WebPage\",\"@id\":\"https:\\\/\\\/www.precura.be\\\/fr\\\/contact-merci\\\/\",\"url\":\"https:\\\/\\\/www.precura.be\\\/fr\\\/contact-merci\\\/\",\"name\":\"Contact Merci - Precura - Voir nos coordonn\u00e9es ici - Nous sommes l\u00e0 pour vous.\",\"isPartOf\":{\"@id\":\"https:\\\/\\\/www.precura.be\\\/#website\"},\"datePublished\":\"2023-06-05T11:35:57+00:00\",\"dateModified\":\"2023-06-05T11:36:02+00:00\",\"description\":\"Si vous avez d\u00e9j\u00e0 \u00e9t\u00e9 contact\u00e9 et\\\/ou si vous cherchez les coordonn\u00e9es directes d'un de nos collaborateurs, vous trouverez ici un aper\u00e7u.\",\"breadcrumb\":{\"@id\":\"https:\\\/\\\/www.precura.be\\\/fr\\\/contact-merci\\\/#breadcrumb\"},\"inLanguage\":\"fr-FR\",\"potentialAction\":[{\"@type\":\"ReadAction\",\"target\":[\"https:\\\/\\\/www.precura.be\\\/fr\\\/contact-merci\\\/\"]}]},{\"@type\":\"BreadcrumbList\",\"@id\":\"https:\\\/\\\/www.precura.be\\\/fr\\\/contact-merci\\\/#breadcrumb\",\"itemListElement\":[{\"@type\":\"ListItem\",\"position\":1,\"name\":\"Home\",\"item\":\"https:\\\/\\\/www.precura.be\\\/\"},{\"@type\":\"ListItem\",\"position\":2,\"name\":\"Contact Merci\"}]},{\"@type\":\"WebSite\",\"@id\":\"https:\\\/\\\/www.precura.be\\\/#website\",\"url\":\"https:\\\/\\\/www.precura.be\\\/\",\"name\":\"Precura\",\"description\":\"Precura est un partenaire fiable et exp\u00e9riment\u00e9 qui propose des assurances individuelles et collectives revenu garanti aux professions lib\u00e9rales. De quoi profiter d\u2019une tranquillit\u00e9 financi\u00e8re tout au long de votre carri\u00e8re.\",\"publisher\":{\"@id\":\"https:\\\/\\\/www.precura.be\\\/#organization\"},\"potentialAction\":[{\"@type\":\"SearchAction\",\"target\":{\"@type\":\"EntryPoint\",\"urlTemplate\":\"https:\\\/\\\/www.precura.be\\\/?s={search_term_string}\"},\"query-input\":{\"@type\":\"PropertyValueSpecification\",\"valueRequired\":true,\"valueName\":\"search_term_string\"}}],\"inLanguage\":\"fr-FR\"},{\"@type\":\"Organization\",\"@id\":\"https:\\\/\\\/www.precura.be\\\/#organization\",\"name\":\"Precura\",\"url\":\"https:\\\/\\\/www.precura.be\\\/\",\"logo\":{\"@type\":\"ImageObject\",\"inLanguage\":\"fr-FR\",\"@id\":\"https:\\\/\\\/www.precura.be\\\/#\\\/schema\\\/logo\\\/image\\\/\",\"url\":\"https:\\\/\\\/www.precura.be\\\/wp-content\\\/uploads\\\/2020\\\/09\\\/Precura-logo.svg\",\"contentUrl\":\"https:\\\/\\\/www.precura.be\\\/wp-content\\\/uploads\\\/2020\\\/09\\\/Precura-logo.svg\",\"width\":142,\"height\":66,\"caption\":\"Precura\"},\"image\":{\"@id\":\"https:\\\/\\\/www.precura.be\\\/#\\\/schema\\\/logo\\\/image\\\/\"}}]}<\/script>\n<!-- \/ Yoast SEO plugin. -->","yoast_head_json":{"title":"Contact Merci - Precura - Voir nos coordonn\u00e9es ici - Nous sommes l\u00e0 pour vous.","description":"Si vous avez d\u00e9j\u00e0 \u00e9t\u00e9 contact\u00e9 et\/ou si vous cherchez les coordonn\u00e9es directes d'un de nos collaborateurs, vous trouverez ici un aper\u00e7u.","robots":{"index":"index","follow":"follow","max-snippet":"max-snippet:-1","max-image-preview":"max-image-preview:large","max-video-preview":"max-video-preview:-1"},"canonical":"https:\/\/www.precura.be\/fr\/contact-merci\/","og_locale":"fr_FR","og_type":"article","og_title":"Contact Merci - Precura - Voir nos coordonn\u00e9es ici - Nous sommes l\u00e0 pour vous.","og_description":"Si vous avez d\u00e9j\u00e0 \u00e9t\u00e9 contact\u00e9 et\/ou si vous cherchez les coordonn\u00e9es directes d'un de nos collaborateurs, vous trouverez ici un aper\u00e7u.","og_url":"https:\/\/www.precura.be\/fr\/contact-merci\/","og_site_name":"Precura","article_modified_time":"2023-06-05T11:36:02+00:00","twitter_card":"summary_large_image","twitter_misc":{"Dur\u00e9e de lecture estim\u00e9e":"4 minutes"},"schema":{"@context":"https:\/\/schema.org","@graph":[{"@type":"WebPage","@id":"https:\/\/www.precura.be\/fr\/contact-merci\/","url":"https:\/\/www.precura.be\/fr\/contact-merci\/","name":"Contact Merci - Precura - Voir nos coordonn\u00e9es ici - Nous sommes l\u00e0 pour vous.","isPartOf":{"@id":"https:\/\/www.precura.be\/#website"},"datePublished":"2023-06-05T11:35:57+00:00","dateModified":"2023-06-05T11:36:02+00:00","description":"Si vous avez d\u00e9j\u00e0 \u00e9t\u00e9 contact\u00e9 et\/ou si vous cherchez les coordonn\u00e9es directes d'un de nos collaborateurs, vous trouverez ici un aper\u00e7u.","breadcrumb":{"@id":"https:\/\/www.precura.be\/fr\/contact-merci\/#breadcrumb"},"inLanguage":"fr-FR","potentialAction":[{"@type":"ReadAction","target":["https:\/\/www.precura.be\/fr\/contact-merci\/"]}]},{"@type":"BreadcrumbList","@id":"https:\/\/www.precura.be\/fr\/contact-merci\/#breadcrumb","itemListElement":[{"@type":"ListItem","position":1,"name":"Home","item":"https:\/\/www.precura.be\/"},{"@type":"ListItem","position":2,"name":"Contact Merci"}]},{"@type":"WebSite","@id":"https:\/\/www.precura.be\/#website","url":"https:\/\/www.precura.be\/","name":"Precura","description":"Precura est un partenaire fiable et exp\u00e9riment\u00e9 qui propose des assurances individuelles et collectives revenu garanti aux professions lib\u00e9rales. De quoi profiter d\u2019une tranquillit\u00e9 financi\u00e8re tout au long de votre carri\u00e8re.","publisher":{"@id":"https:\/\/www.precura.be\/#organization"},"potentialAction":[{"@type":"SearchAction","target":{"@type":"EntryPoint","urlTemplate":"https:\/\/www.precura.be\/?s={search_term_string}"},"query-input":{"@type":"PropertyValueSpecification","valueRequired":true,"valueName":"search_term_string"}}],"inLanguage":"fr-FR"},{"@type":"Organization","@id":"https:\/\/www.precura.be\/#organization","name":"Precura","url":"https:\/\/www.precura.be\/","logo":{"@type":"ImageObject","inLanguage":"fr-FR","@id":"https:\/\/www.precura.be\/#\/schema\/logo\/image\/","url":"https:\/\/www.precura.be\/wp-content\/uploads\/2020\/09\/Precura-logo.svg","contentUrl":"https:\/\/www.precura.be\/wp-content\/uploads\/2020\/09\/Precura-logo.svg","width":142,"height":66,"caption":"Precura"},"image":{"@id":"https:\/\/www.precura.be\/#\/schema\/logo\/image\/"}}]}},"_links":{"self":[{"href":"https:\/\/www.precura.be\/fr\/wp-json\/wp\/v2\/pages\/4518","targetHints":{"allow":["GET"]}}],"collection":[{"href":"https:\/\/www.precura.be\/fr\/wp-json\/wp\/v2\/pages"}],"about":[{"href":"https:\/\/www.precura.be\/fr\/wp-json\/wp\/v2\/types\/page"}],"author":[{"embeddable":true,"href":"https:\/\/www.precura.be\/fr\/wp-json\/wp\/v2\/users\/9"}],"replies":[{"embeddable":true,"href":"https:\/\/www.precura.be\/fr\/wp-json\/wp\/v2\/comments?post=4518"}],"version-history":[{"count":5,"href":"https:\/\/www.precura.be\/fr\/wp-json\/wp\/v2\/pages\/4518\/revisions"}],"predecessor-version":[{"id":4523,"href":"https:\/\/www.precura.be\/fr\/wp-json\/wp\/v2\/pages\/4518\/revisions\/4523"}],"wp:attachment":[{"href":"https:\/\/www.precura.be\/fr\/wp-json\/wp\/v2\/media?parent=4518"}],"curies":[{"name":"wp","href":"https:\/\/api.w.org\/{rel}","templated":true}]}}